{"version":"1.0","provider_name":"Colectivo Ecologista Turcon","provider_url":"https:\/\/turcon.es\/wp","author_name":"Laura Fernandez","author_url":"https:\/\/turcon.es\/wp\/author\/admturcon\/","title":"Algo m\u00e1s que ecologismo - Colectivo Ecologista Turcon","type":"rich","width":600,"height":338,"html":"<blockquote class=\"wp-embedded-content\" data-secret=\"dKK0Rc79bo\"><a href=\"https:\/\/turcon.es\/wp\/algo-mas-que-ecologismo\/\">Algo m\u00e1s que ecologismo<\/a><\/blockquote><iframe sandbox=\"allow-scripts\" security=\"restricted\" src=\"https:\/\/turcon.es\/wp\/algo-mas-que-ecologismo\/embed\/#?secret=dKK0Rc79bo\" width=\"600\" height=\"338\" title=\"\u00abAlgo m\u00e1s que ecologismo\u00bb \u2014 Colectivo Ecologista Turcon\" data-secret=\"dKK0Rc79bo\" frameborder=\"0\" marginwidth=\"0\" marginheight=\"0\" scrolling=\"no\" class=\"wp-embedded-content\"><\/iframe><script>\n\/*! This file is auto-generated *\/\n!function(d,l){\"use strict\";l.querySelector&&d.addEventListener&&\"undefined\"!=typeof URL&&(d.wp=d.wp||{},d.wp.receiveEmbedMessage||(d.wp.receiveEmbedMessage=function(e){var t=e.data;if((t||t.secret||t.message||t.value)&&!\/[^a-zA-Z0-9]\/.test(t.secret)){for(var s,r,n,a=l.querySelectorAll('iframe[data-secret=\"'+t.secret+'\"]'),o=l.querySelectorAll('blockquote[data-secret=\"'+t.secret+'\"]'),c=new RegExp(\"^https?:$\",\"i\"),i=0;i<o.length;i++)o[i].style.display=\"none\";for(i=0;i<a.length;i++)s=a[i],e.source===s.contentWindow&&(s.removeAttribute(\"style\"),\"height\"===t.message?(1e3<(r=parseInt(t.value,10))?r=1e3:~~r<200&&(r=200),s.height=r):\"link\"===t.message&&(r=new URL(s.getAttribute(\"src\")),n=new URL(t.value),c.test(n.protocol))&&n.host===r.host&&l.activeElement===s&&(d.top.location.href=t.value))}},d.addEventListener(\"message\",d.wp.receiveEmbedMessage,!1),l.addEventListener(\"DOMContentLoaded\",function(){for(var e,t,s=l.querySelectorAll(\"iframe.wp-embedded-content\"),r=0;r<s.length;r++)(t=(e=s[r]).getAttribute(\"data-secret\"))||(t=Math.random().toString(36).substring(2,12),e.src+=\"#?secret=\"+t,e.setAttribute(\"data-secret\",t)),e.contentWindow.postMessage({message:\"ready\",secret:t},\"*\")},!1)))}(window,document);\n\/\/# sourceURL=https:\/\/turcon.es\/wp\/wp-includes\/js\/wp-embed.min.js\n<\/script>\n","description":"Art\u00edculo de opini\u00f3n de\u00a0 Javier Romero Rodr\u00edguez \u00a0El 19 de mayo de este a\u00f1o, declarado por la ONU A\u00f1o Internacional de la Biodiversidad, se ha aprobado en el Parlamento de Canarias el nuevo cat\u00e1logo auton\u00f3mico de especies protegidas con el apoyo de Coalici\u00f3n Canaria y PP, y con los votos en contra del PSC-PSOE. En [&hellip;]","thumbnail_url":"https:\/\/turcon.es\/wp\/wp-content\/uploads\/2010\/05\/2008-12-25_img_2008-12-18_20_40_04_cccccc-1.jpg","thumbnail_width":318,"thumbnail_height":210}