{"version":"1.0","provider_name":"Colectivo Ecologista Turcon","provider_url":"https:\/\/turcon.es\/wp","author_name":"Laura Fernandez","author_url":"https:\/\/turcon.es\/wp\/author\/admturcon\/","title":"Compromiso de colaboraci\u00f3n por el movimiento ecologista canario - Colectivo Ecologista Turcon","type":"rich","width":600,"height":338,"html":"<blockquote class=\"wp-embedded-content\" data-secret=\"Aii5Lv7Cmd\"><a href=\"https:\/\/turcon.es\/wp\/compromiso-de-colaboracion-por-el-movimiento-ecologista-canario\/\">Compromiso de colaboraci\u00f3n por el movimiento ecologista canario<\/a><\/blockquote><iframe sandbox=\"allow-scripts\" security=\"restricted\" src=\"https:\/\/turcon.es\/wp\/compromiso-de-colaboracion-por-el-movimiento-ecologista-canario\/embed\/#?secret=Aii5Lv7Cmd\" width=\"600\" height=\"338\" title=\"\u00abCompromiso de colaboraci\u00f3n por el movimiento ecologista canario\u00bb \u2014 Colectivo Ecologista Turcon\" data-secret=\"Aii5Lv7Cmd\" frameborder=\"0\" marginwidth=\"0\" marginheight=\"0\" scrolling=\"no\" class=\"wp-embedded-content\"><\/iframe><script>\n\/*! This file is auto-generated *\/\n!function(d,l){\"use strict\";l.querySelector&&d.addEventListener&&\"undefined\"!=typeof URL&&(d.wp=d.wp||{},d.wp.receiveEmbedMessage||(d.wp.receiveEmbedMessage=function(e){var t=e.data;if((t||t.secret||t.message||t.value)&&!\/[^a-zA-Z0-9]\/.test(t.secret)){for(var s,r,n,a=l.querySelectorAll('iframe[data-secret=\"'+t.secret+'\"]'),o=l.querySelectorAll('blockquote[data-secret=\"'+t.secret+'\"]'),c=new RegExp(\"^https?:$\",\"i\"),i=0;i<o.length;i++)o[i].style.display=\"none\";for(i=0;i<a.length;i++)s=a[i],e.source===s.contentWindow&&(s.removeAttribute(\"style\"),\"height\"===t.message?(1e3<(r=parseInt(t.value,10))?r=1e3:~~r<200&&(r=200),s.height=r):\"link\"===t.message&&(r=new URL(s.getAttribute(\"src\")),n=new URL(t.value),c.test(n.protocol))&&n.host===r.host&&l.activeElement===s&&(d.top.location.href=t.value))}},d.addEventListener(\"message\",d.wp.receiveEmbedMessage,!1),l.addEventListener(\"DOMContentLoaded\",function(){for(var e,t,s=l.querySelectorAll(\"iframe.wp-embedded-content\"),r=0;r<s.length;r++)(t=(e=s[r]).getAttribute(\"data-secret\"))||(t=Math.random().toString(36).substring(2,12),e.src+=\"#?secret=\"+t,e.setAttribute(\"data-secret\",t)),e.contentWindow.postMessage({message:\"ready\",secret:t},\"*\")},!1)))}(window,document);\n\/\/# sourceURL=https:\/\/turcon.es\/wp\/wp-includes\/js\/wp-embed.min.js\n<\/script>\n","description":"Ben Magec \u2013 Ecologistas en Acci\u00f3n celebr\u00f3 su XVII Asamblea Federal, que tuvo lugar en el municipio grancanario de Firgas.\u00a0 En ella, adem\u00e1s de exponerse un balance de las actividades que ha realizado la Federaci\u00f3n (entre otras muchas, con la organizaci\u00f3n de las manifestaciones ciudadanas m\u00e1s importantes de la historia de Canarias), se desarroll\u00f3 un [&hellip;]","thumbnail_url":"http:\/\/ecologistasenaccion.org\/local\/cache-vignettes\/L300xH225\/12132432_1625000561082353_5531744427817602871_o-cb892.jpg"}