{"version":"1.0","provider_name":"Colectivo Ecologista Turcon","provider_url":"https:\/\/turcon.es\/wp","author_name":"Laura Fernandez","author_url":"https:\/\/turcon.es\/wp\/author\/admturcon\/","title":"Concurso de Fotograf\u00eda Ecol\u00f3gica \"Juan F\u00e9lix Marrero Perdomo\" - Colectivo Ecologista Turcon","type":"rich","width":600,"height":338,"html":"<blockquote class=\"wp-embedded-content\" data-secret=\"QTqgZVxYOG\"><a href=\"https:\/\/turcon.es\/wp\/concurso-de-fotografia-ecologica-juan-felix-marrero-perdomo\/\">Concurso de Fotograf\u00eda Ecol\u00f3gica \u00abJuan F\u00e9lix Marrero Perdomo\u00bb<\/a><\/blockquote><iframe sandbox=\"allow-scripts\" security=\"restricted\" src=\"https:\/\/turcon.es\/wp\/concurso-de-fotografia-ecologica-juan-felix-marrero-perdomo\/embed\/#?secret=QTqgZVxYOG\" width=\"600\" height=\"338\" title=\"\u00abConcurso de Fotograf\u00eda Ecol\u00f3gica \u00abJuan F\u00e9lix Marrero Perdomo\u00bb\u00bb \u2014 Colectivo Ecologista Turcon\" data-secret=\"QTqgZVxYOG\" frameborder=\"0\" marginwidth=\"0\" marginheight=\"0\" scrolling=\"no\" class=\"wp-embedded-content\"><\/iframe><script>\n\/*! This file is auto-generated *\/\n!function(d,l){\"use strict\";l.querySelector&&d.addEventListener&&\"undefined\"!=typeof URL&&(d.wp=d.wp||{},d.wp.receiveEmbedMessage||(d.wp.receiveEmbedMessage=function(e){var t=e.data;if((t||t.secret||t.message||t.value)&&!\/[^a-zA-Z0-9]\/.test(t.secret)){for(var s,r,n,a=l.querySelectorAll('iframe[data-secret=\"'+t.secret+'\"]'),o=l.querySelectorAll('blockquote[data-secret=\"'+t.secret+'\"]'),c=new RegExp(\"^https?:$\",\"i\"),i=0;i<o.length;i++)o[i].style.display=\"none\";for(i=0;i<a.length;i++)s=a[i],e.source===s.contentWindow&&(s.removeAttribute(\"style\"),\"height\"===t.message?(1e3<(r=parseInt(t.value,10))?r=1e3:~~r<200&&(r=200),s.height=r):\"link\"===t.message&&(r=new URL(s.getAttribute(\"src\")),n=new URL(t.value),c.test(n.protocol))&&n.host===r.host&&l.activeElement===s&&(d.top.location.href=t.value))}},d.addEventListener(\"message\",d.wp.receiveEmbedMessage,!1),l.addEventListener(\"DOMContentLoaded\",function(){for(var e,t,s=l.querySelectorAll(\"iframe.wp-embedded-content\"),r=0;r<s.length;r++)(t=(e=s[r]).getAttribute(\"data-secret\"))||(t=Math.random().toString(36).substring(2,12),e.src+=\"#?secret=\"+t,e.setAttribute(\"data-secret\",t)),e.contentWindow.postMessage({message:\"ready\",secret:t},\"*\")},!1)))}(window,document);\n\/\/# sourceURL=https:\/\/turcon.es\/wp\/wp-includes\/js\/wp-embed.min.js\n<\/script>\n","description":"Con la publicaci\u00f3n de las Bases de la octava edici\u00f3n del Concurso de Fotograf\u00eda Ecol\u00f3gica \u00abJuan F\u00e9lix Marrero Perdomo\u00bb acaba de darse por iniciada la convocatoria de este exitoso Concurso fotogr\u00e1fico, al que en su \u00faltima edici\u00f3n se presentaron m\u00e1s de un centenar de obras, por parte de 49 fot\u00f3grafos canarios. \u00a0La tem\u00e1tica que deben [&hellip;]","thumbnail_url":"https:\/\/turcon.es\/wp\/wp-content\/uploads\/2010\/08\/luiscalvente-1.jpg","thumbnail_width":200,"thumbnail_height":300}