{"version":"1.0","provider_name":"Colectivo Ecologista Turcon","provider_url":"https:\/\/turcon.es\/wp","author_name":"Laura Fernandez","author_url":"https:\/\/turcon.es\/wp\/author\/admturcon\/","title":"DE PARQUE BOT\u00c1NICO A PARQUE ACU\u00c1TICO - Colectivo Ecologista Turcon","type":"rich","width":600,"height":338,"html":"<blockquote class=\"wp-embedded-content\" data-secret=\"h39Q2yIyvh\"><a href=\"https:\/\/turcon.es\/wp\/de-parque-botanico-a-parque-acuatico\/\">DE PARQUE BOT\u00c1NICO A PARQUE ACU\u00c1TICO<\/a><\/blockquote><iframe sandbox=\"allow-scripts\" security=\"restricted\" src=\"https:\/\/turcon.es\/wp\/de-parque-botanico-a-parque-acuatico\/embed\/#?secret=h39Q2yIyvh\" width=\"600\" height=\"338\" title=\"\u00abDE PARQUE BOT\u00c1NICO A PARQUE ACU\u00c1TICO\u00bb \u2014 Colectivo Ecologista Turcon\" data-secret=\"h39Q2yIyvh\" frameborder=\"0\" marginwidth=\"0\" marginheight=\"0\" scrolling=\"no\" class=\"wp-embedded-content\"><\/iframe><script>\n\/*! This file is auto-generated *\/\n!function(d,l){\"use strict\";l.querySelector&&d.addEventListener&&\"undefined\"!=typeof URL&&(d.wp=d.wp||{},d.wp.receiveEmbedMessage||(d.wp.receiveEmbedMessage=function(e){var t=e.data;if((t||t.secret||t.message||t.value)&&!\/[^a-zA-Z0-9]\/.test(t.secret)){for(var s,r,n,a=l.querySelectorAll('iframe[data-secret=\"'+t.secret+'\"]'),o=l.querySelectorAll('blockquote[data-secret=\"'+t.secret+'\"]'),c=new RegExp(\"^https?:$\",\"i\"),i=0;i<o.length;i++)o[i].style.display=\"none\";for(i=0;i<a.length;i++)s=a[i],e.source===s.contentWindow&&(s.removeAttribute(\"style\"),\"height\"===t.message?(1e3<(r=parseInt(t.value,10))?r=1e3:~~r<200&&(r=200),s.height=r):\"link\"===t.message&&(r=new URL(s.getAttribute(\"src\")),n=new URL(t.value),c.test(n.protocol))&&n.host===r.host&&l.activeElement===s&&(d.top.location.href=t.value))}},d.addEventListener(\"message\",d.wp.receiveEmbedMessage,!1),l.addEventListener(\"DOMContentLoaded\",function(){for(var e,t,s=l.querySelectorAll(\"iframe.wp-embedded-content\"),r=0;r<s.length;r++)(t=(e=s[r]).getAttribute(\"data-secret\"))||(t=Math.random().toString(36).substring(2,12),e.src+=\"#?secret=\"+t,e.setAttribute(\"data-secret\",t)),e.contentWindow.postMessage({message:\"ready\",secret:t},\"*\")},!1)))}(window,document);\n\/\/# sourceURL=https:\/\/turcon.es\/wp\/wp-includes\/js\/wp-embed.min.js\n<\/script>\n","description":"Cambiamos de siglo y, de aquellos campos de golf del siglo 20, hemos pasado a los parques tem\u00e1ticos del 21. Est\u00e1n de moda. En \u00e9poca de crisis, entra todo como la vaselina. No importan las leyes, los gastos, el territorio. Se busca justificaci\u00f3n para paliar los efectos de la crisis, el desempleo. Incluso, se aplaude, [&hellip;]","thumbnail_url":"https:\/\/turcon.es\/wp\/wp-content\/uploads\/2015\/03\/maquetaparquesur.jpg","thumbnail_width":732,"thumbnail_height":475}