{"version":"1.0","provider_name":"Colectivo Ecologista Turcon","provider_url":"https:\/\/turcon.es\/wp","author_name":"Laura Fernandez","author_url":"https:\/\/turcon.es\/wp\/author\/admturcon\/","title":"El PTECan hurta la participaci\u00f3n a la ciudadan\u00eda - Colectivo Ecologista Turcon","type":"rich","width":600,"height":338,"html":"<blockquote class=\"wp-embedded-content\" data-secret=\"h3NmmSToas\"><a href=\"https:\/\/turcon.es\/wp\/el-ptecan-hurta-la-participacion-a-la-ciudadania\/\">El PTECan hurta la participaci\u00f3n a la ciudadan\u00eda<\/a><\/blockquote><iframe sandbox=\"allow-scripts\" security=\"restricted\" src=\"https:\/\/turcon.es\/wp\/el-ptecan-hurta-la-participacion-a-la-ciudadania\/embed\/#?secret=h3NmmSToas\" width=\"600\" height=\"338\" title=\"\u00abEl PTECan hurta la participaci\u00f3n a la ciudadan\u00eda\u00bb \u2014 Colectivo Ecologista Turcon\" data-secret=\"h3NmmSToas\" frameborder=\"0\" marginwidth=\"0\" marginheight=\"0\" scrolling=\"no\" class=\"wp-embedded-content\"><\/iframe><script>\n\/*! This file is auto-generated *\/\n!function(d,l){\"use strict\";l.querySelector&&d.addEventListener&&\"undefined\"!=typeof URL&&(d.wp=d.wp||{},d.wp.receiveEmbedMessage||(d.wp.receiveEmbedMessage=function(e){var t=e.data;if((t||t.secret||t.message||t.value)&&!\/[^a-zA-Z0-9]\/.test(t.secret)){for(var s,r,n,a=l.querySelectorAll('iframe[data-secret=\"'+t.secret+'\"]'),o=l.querySelectorAll('blockquote[data-secret=\"'+t.secret+'\"]'),c=new RegExp(\"^https?:$\",\"i\"),i=0;i<o.length;i++)o[i].style.display=\"none\";for(i=0;i<a.length;i++)s=a[i],e.source===s.contentWindow&&(s.removeAttribute(\"style\"),\"height\"===t.message?(1e3<(r=parseInt(t.value,10))?r=1e3:~~r<200&&(r=200),s.height=r):\"link\"===t.message&&(r=new URL(s.getAttribute(\"src\")),n=new URL(t.value),c.test(n.protocol))&&n.host===r.host&&l.activeElement===s&&(d.top.location.href=t.value))}},d.addEventListener(\"message\",d.wp.receiveEmbedMessage,!1),l.addEventListener(\"DOMContentLoaded\",function(){for(var e,t,s=l.querySelectorAll(\"iframe.wp-embedded-content\"),r=0;r<s.length;r++)(t=(e=s[r]).getAttribute(\"data-secret\"))||(t=Math.random().toString(36).substring(2,12),e.src+=\"#?secret=\"+t,e.setAttribute(\"data-secret\",t)),e.contentWindow.postMessage({message:\"ready\",secret:t},\"*\")},!1)))}(window,document);\n\/\/# sourceURL=https:\/\/turcon.es\/wp\/wp-includes\/js\/wp-embed.min.js\n<\/script>\n","thumbnail_url":"https:\/\/turcon.es\/wp\/wp-content\/uploads\/2022\/10\/renovables1.jpg","thumbnail_width":640,"thumbnail_height":377,"description":"Turc\u00f3n Ecologistas en Acci\u00f3n presenta alegaciones al Plan de Transici\u00f3n Energ\u00e9tica de Canarias 2030 COMUNICADO DE PRENSA Junta Directiva de Turc\u00f3n El Colectivo Turc\u00f3n \u2013 Ecologistas en Acci\u00f3n, despu\u00e9s de conseguir que se le considere parte interesada en este proceso, ha presentado alegaciones ante la Viceconsejer\u00eda de Lucha contra el Cambio Clim\u00e1tico y Transici\u00f3n Ecol\u00f3gica [&hellip;]"}