{"version":"1.0","provider_name":"Colectivo Ecologista Turcon","provider_url":"https:\/\/turcon.es\/wp","author_name":"Laura Fernandez","author_url":"https:\/\/turcon.es\/wp\/author\/admturcon\/","title":"Eval\u00faan la gesti\u00f3n del Gobierno - Colectivo Ecologista Turcon","type":"rich","width":600,"height":338,"html":"<blockquote class=\"wp-embedded-content\" data-secret=\"z3atElXW53\"><a href=\"https:\/\/turcon.es\/wp\/evaluan-la-gestion-del-gobierno\/\">Eval\u00faan la gesti\u00f3n del Gobierno<\/a><\/blockquote><iframe sandbox=\"allow-scripts\" security=\"restricted\" src=\"https:\/\/turcon.es\/wp\/evaluan-la-gestion-del-gobierno\/embed\/#?secret=z3atElXW53\" width=\"600\" height=\"338\" title=\"\u00abEval\u00faan la gesti\u00f3n del Gobierno\u00bb \u2014 Colectivo Ecologista Turcon\" data-secret=\"z3atElXW53\" frameborder=\"0\" marginwidth=\"0\" marginheight=\"0\" scrolling=\"no\" class=\"wp-embedded-content\"><\/iframe><script>\n\/*! This file is auto-generated *\/\n!function(d,l){\"use strict\";l.querySelector&&d.addEventListener&&\"undefined\"!=typeof URL&&(d.wp=d.wp||{},d.wp.receiveEmbedMessage||(d.wp.receiveEmbedMessage=function(e){var t=e.data;if((t||t.secret||t.message||t.value)&&!\/[^a-zA-Z0-9]\/.test(t.secret)){for(var s,r,n,a=l.querySelectorAll('iframe[data-secret=\"'+t.secret+'\"]'),o=l.querySelectorAll('blockquote[data-secret=\"'+t.secret+'\"]'),c=new RegExp(\"^https?:$\",\"i\"),i=0;i<o.length;i++)o[i].style.display=\"none\";for(i=0;i<a.length;i++)s=a[i],e.source===s.contentWindow&&(s.removeAttribute(\"style\"),\"height\"===t.message?(1e3<(r=parseInt(t.value,10))?r=1e3:~~r<200&&(r=200),s.height=r):\"link\"===t.message&&(r=new URL(s.getAttribute(\"src\")),n=new URL(t.value),c.test(n.protocol))&&n.host===r.host&&l.activeElement===s&&(d.top.location.href=t.value))}},d.addEventListener(\"message\",d.wp.receiveEmbedMessage,!1),l.addEventListener(\"DOMContentLoaded\",function(){for(var e,t,s=l.querySelectorAll(\"iframe.wp-embedded-content\"),r=0;r<s.length;r++)(t=(e=s[r]).getAttribute(\"data-secret\"))||(t=Math.random().toString(36).substring(2,12),e.src+=\"#?secret=\"+t,e.setAttribute(\"data-secret\",t)),e.contentWindow.postMessage({message:\"ready\",secret:t},\"*\")},!1)))}(window,document);\n\/\/# sourceURL=https:\/\/turcon.es\/wp\/wp-includes\/js\/wp-embed.min.js\n<\/script>\n","description":"Eval\u00faan la gesti\u00f3n del Gobierno y las administraciones canarias en materia medioambiental de la \u00faltima legislatura. Ben Magec-Ecologistas en Acci\u00f3n ha presentado un documento de balance donde expone su valoraci\u00f3n, en l\u00edneas generales negativa, de la gesti\u00f3n medioambiental de las administraciones canarias en esta \u00faltima legislatura.\u00a0 La federaci\u00f3n ecologista no se queda en la mera [&hellip;]","thumbnail_url":"https:\/\/www.ecologistasenaccion.org\/wp-content\/uploads\/2017\/08\/ben-magec-ea_canarias.gif"}