{"version":"1.0","provider_name":"Colectivo Ecologista Turcon","provider_url":"https:\/\/turcon.es\/wp","author_name":"Laura Fernandez","author_url":"https:\/\/turcon.es\/wp\/author\/admturcon\/","title":"Exposici\u00f3n de fotograf\u00edas en Arucas - Colectivo Ecologista Turcon","type":"rich","width":600,"height":338,"html":"<blockquote class=\"wp-embedded-content\" data-secret=\"ME7cfYlqe9\"><a href=\"https:\/\/turcon.es\/wp\/exposicion-de-fotografias-en-arucas\/\">Exposici\u00f3n de fotograf\u00edas en Arucas<\/a><\/blockquote><iframe sandbox=\"allow-scripts\" security=\"restricted\" src=\"https:\/\/turcon.es\/wp\/exposicion-de-fotografias-en-arucas\/embed\/#?secret=ME7cfYlqe9\" width=\"600\" height=\"338\" title=\"\u00abExposici\u00f3n de fotograf\u00edas en Arucas\u00bb \u2014 Colectivo Ecologista Turcon\" data-secret=\"ME7cfYlqe9\" frameborder=\"0\" marginwidth=\"0\" marginheight=\"0\" scrolling=\"no\" class=\"wp-embedded-content\"><\/iframe><script>\n\/*! This file is auto-generated *\/\n!function(d,l){\"use strict\";l.querySelector&&d.addEventListener&&\"undefined\"!=typeof URL&&(d.wp=d.wp||{},d.wp.receiveEmbedMessage||(d.wp.receiveEmbedMessage=function(e){var t=e.data;if((t||t.secret||t.message||t.value)&&!\/[^a-zA-Z0-9]\/.test(t.secret)){for(var s,r,n,a=l.querySelectorAll('iframe[data-secret=\"'+t.secret+'\"]'),o=l.querySelectorAll('blockquote[data-secret=\"'+t.secret+'\"]'),c=new RegExp(\"^https?:$\",\"i\"),i=0;i<o.length;i++)o[i].style.display=\"none\";for(i=0;i<a.length;i++)s=a[i],e.source===s.contentWindow&&(s.removeAttribute(\"style\"),\"height\"===t.message?(1e3<(r=parseInt(t.value,10))?r=1e3:~~r<200&&(r=200),s.height=r):\"link\"===t.message&&(r=new URL(s.getAttribute(\"src\")),n=new URL(t.value),c.test(n.protocol))&&n.host===r.host&&l.activeElement===s&&(d.top.location.href=t.value))}},d.addEventListener(\"message\",d.wp.receiveEmbedMessage,!1),l.addEventListener(\"DOMContentLoaded\",function(){for(var e,t,s=l.querySelectorAll(\"iframe.wp-embedded-content\"),r=0;r<s.length;r++)(t=(e=s[r]).getAttribute(\"data-secret\"))||(t=Math.random().toString(36).substring(2,12),e.src+=\"#?secret=\"+t,e.setAttribute(\"data-secret\",t)),e.contentWindow.postMessage({message:\"ready\",secret:t},\"*\")},!1)))}(window,document);\n\/\/# sourceURL=https:\/\/turcon.es\/wp\/wp-includes\/js\/wp-embed.min.js\n<\/script>\n","description":"Marcos Martin, expone fotograf\u00edas in\u00e9ditas en la Sala de Exposiciones del Centro Municipal de Cultura de Arucas. Algunas corresponde al viaje que realiz\u00f3 Turc\u00f3n en el a\u00f1o 2012 al Pico Teide. Tras la charla del III Ciclo DPV, se procedi\u00f3 a inaugurar la Exposici\u00f3n Fotogr\u00e1fica \u00abLUCES DEL TEIDE\u00bb, del fot\u00f3grafo Marcos Martin, en la Sala [&hellip;]","thumbnail_url":"https:\/\/turcon.es\/wp\/wp-content\/uploads\/2014\/10\/10307395_373905169434224_4952027131683824001_n.jpg","thumbnail_width":960,"thumbnail_height":720}