{"version":"1.0","provider_name":"Colectivo Ecologista Turcon","provider_url":"https:\/\/turcon.es\/wp","author_name":"Laura Fernandez","author_url":"https:\/\/turcon.es\/wp\/author\/admturcon\/","title":"La revoluci\u00f3n el\u00e9ctrica del autom\u00f3vil ya est\u00e1 aqu\u00ed. - Colectivo Ecologista Turcon","type":"rich","width":600,"height":338,"html":"<blockquote class=\"wp-embedded-content\" data-secret=\"62SmmC1XqE\"><a href=\"https:\/\/turcon.es\/wp\/la-revolucion-electrica-del-automovil-ya-esta-aqui\/\">La revoluci\u00f3n el\u00e9ctrica del autom\u00f3vil ya est\u00e1 aqu\u00ed.<\/a><\/blockquote><iframe sandbox=\"allow-scripts\" security=\"restricted\" src=\"https:\/\/turcon.es\/wp\/la-revolucion-electrica-del-automovil-ya-esta-aqui\/embed\/#?secret=62SmmC1XqE\" width=\"600\" height=\"338\" title=\"\u00abLa revoluci\u00f3n el\u00e9ctrica del autom\u00f3vil ya est\u00e1 aqu\u00ed.\u00bb \u2014 Colectivo Ecologista Turcon\" data-secret=\"62SmmC1XqE\" frameborder=\"0\" marginwidth=\"0\" marginheight=\"0\" scrolling=\"no\" class=\"wp-embedded-content\"><\/iframe><script>\n\/*! This file is auto-generated *\/\n!function(d,l){\"use strict\";l.querySelector&&d.addEventListener&&\"undefined\"!=typeof URL&&(d.wp=d.wp||{},d.wp.receiveEmbedMessage||(d.wp.receiveEmbedMessage=function(e){var t=e.data;if((t||t.secret||t.message||t.value)&&!\/[^a-zA-Z0-9]\/.test(t.secret)){for(var s,r,n,a=l.querySelectorAll('iframe[data-secret=\"'+t.secret+'\"]'),o=l.querySelectorAll('blockquote[data-secret=\"'+t.secret+'\"]'),c=new RegExp(\"^https?:$\",\"i\"),i=0;i<o.length;i++)o[i].style.display=\"none\";for(i=0;i<a.length;i++)s=a[i],e.source===s.contentWindow&&(s.removeAttribute(\"style\"),\"height\"===t.message?(1e3<(r=parseInt(t.value,10))?r=1e3:~~r<200&&(r=200),s.height=r):\"link\"===t.message&&(r=new URL(s.getAttribute(\"src\")),n=new URL(t.value),c.test(n.protocol))&&n.host===r.host&&l.activeElement===s&&(d.top.location.href=t.value))}},d.addEventListener(\"message\",d.wp.receiveEmbedMessage,!1),l.addEventListener(\"DOMContentLoaded\",function(){for(var e,t,s=l.querySelectorAll(\"iframe.wp-embedded-content\"),r=0;r<s.length;r++)(t=(e=s[r]).getAttribute(\"data-secret\"))||(t=Math.random().toString(36).substring(2,12),e.src+=\"#?secret=\"+t,e.setAttribute(\"data-secret\",t)),e.contentWindow.postMessage({message:\"ready\",secret:t},\"*\")},!1)))}(window,document);\n\/\/# sourceURL=https:\/\/turcon.es\/wp\/wp-includes\/js\/wp-embed.min.js\n<\/script>\n","description":"\u00a0\u00abLa movilidad del futuro podr\u00e1 ser con cuatro ruedas o con ninguna\u00bb La revoluci\u00f3n el\u00e9ctrica del autom\u00f3vil ya est\u00e1 aqu\u00ed. El Blog del Coche El\u00e9ctrico quiere ser una herramienta para entender uno de los grandes desaf\u00edos que afrontar\u00e1 el hombre en los pr\u00f3ximos 10 a\u00f1os. Un espacio de debate para conocer las fases del proceso, [&hellip;]","thumbnail_url":"https:\/\/turcon.es\/wp\/wp-content\/uploads\/2011\/11\/coche-electrico-1.jpg","thumbnail_width":259,"thumbnail_height":194}