{"version":"1.0","provider_name":"Colectivo Ecologista Turcon","provider_url":"https:\/\/turcon.es\/wp","author_name":"Laura Fernandez","author_url":"https:\/\/turcon.es\/wp\/author\/admturcon\/","title":"Recuperaci\u00f3n de Caminos P\u00fablicos y V\u00edas\u00a0Pecuarias - Colectivo Ecologista Turcon","type":"rich","width":600,"height":338,"html":"<blockquote class=\"wp-embedded-content\" data-secret=\"ByMyMBPn7b\"><a href=\"https:\/\/turcon.es\/wp\/recuperacion-de-caminos-publicos-y-vias-pecuarias\/\">Recuperaci\u00f3n de Caminos P\u00fablicos y V\u00edas\u00a0Pecuarias<\/a><\/blockquote><iframe sandbox=\"allow-scripts\" security=\"restricted\" src=\"https:\/\/turcon.es\/wp\/recuperacion-de-caminos-publicos-y-vias-pecuarias\/embed\/#?secret=ByMyMBPn7b\" width=\"600\" height=\"338\" title=\"\u00abRecuperaci\u00f3n de Caminos P\u00fablicos y V\u00edas\u00a0Pecuarias\u00bb \u2014 Colectivo Ecologista Turcon\" data-secret=\"ByMyMBPn7b\" frameborder=\"0\" marginwidth=\"0\" marginheight=\"0\" scrolling=\"no\" class=\"wp-embedded-content\"><\/iframe><script>\n\/*! This file is auto-generated *\/\n!function(d,l){\"use strict\";l.querySelector&&d.addEventListener&&\"undefined\"!=typeof URL&&(d.wp=d.wp||{},d.wp.receiveEmbedMessage||(d.wp.receiveEmbedMessage=function(e){var t=e.data;if((t||t.secret||t.message||t.value)&&!\/[^a-zA-Z0-9]\/.test(t.secret)){for(var s,r,n,a=l.querySelectorAll('iframe[data-secret=\"'+t.secret+'\"]'),o=l.querySelectorAll('blockquote[data-secret=\"'+t.secret+'\"]'),c=new RegExp(\"^https?:$\",\"i\"),i=0;i<o.length;i++)o[i].style.display=\"none\";for(i=0;i<a.length;i++)s=a[i],e.source===s.contentWindow&&(s.removeAttribute(\"style\"),\"height\"===t.message?(1e3<(r=parseInt(t.value,10))?r=1e3:~~r<200&&(r=200),s.height=r):\"link\"===t.message&&(r=new URL(s.getAttribute(\"src\")),n=new URL(t.value),c.test(n.protocol))&&n.host===r.host&&l.activeElement===s&&(d.top.location.href=t.value))}},d.addEventListener(\"message\",d.wp.receiveEmbedMessage,!1),l.addEventListener(\"DOMContentLoaded\",function(){for(var e,t,s=l.querySelectorAll(\"iframe.wp-embedded-content\"),r=0;r<s.length;r++)(t=(e=s[r]).getAttribute(\"data-secret\"))||(t=Math.random().toString(36).substring(2,12),e.src+=\"#?secret=\"+t,e.setAttribute(\"data-secret\",t)),e.contentWindow.postMessage({message:\"ready\",secret:t},\"*\")},!1)))}(window,document);\n\/\/# sourceURL=https:\/\/turcon.es\/wp\/wp-includes\/js\/wp-embed.min.js\n<\/script>\n","description":"MULTITUDINARIA MARCHA EN DEFENSA DE LOS CAMINOS P\u00daBLICOS EN LA SIERRA\u00a0DE GRAZALEMA Unas 600 personas participaron ayer en la marcha convocada por la \u00abPlataforma Ciudadana para la recuperaci\u00f3n de Caminos P\u00fablicos y V\u00edas\u00a0Pecuarias de la Sierra de C\u00e1diz\u00bb, la m\u00e1s multitudinaria realizada en\u00a0la provincia de C\u00e1diz con este objetivo. La marchan recorri\u00f3 toda la\u00a0ruta prevista, [&hellip;]","thumbnail_url":"https:\/\/turcon.es\/wp\/wp-content\/uploads\/2008\/11\/logo_testata-3.gif","thumbnail_width":147,"thumbnail_height":73}