{"version":"1.0","provider_name":"Colectivo Ecologista Turcon","provider_url":"https:\/\/turcon.es\/wp","author_name":"Laura Fernandez","author_url":"https:\/\/turcon.es\/wp\/author\/admturcon\/","title":"Releyendo la pol\u00edtica pesquera - Colectivo Ecologista Turcon","type":"rich","width":600,"height":338,"html":"<blockquote class=\"wp-embedded-content\" data-secret=\"ZhzvLmfKQG\"><a href=\"https:\/\/turcon.es\/wp\/releyendo-la-politica-pesquera\/\">Releyendo la pol\u00edtica pesquera<\/a><\/blockquote><iframe sandbox=\"allow-scripts\" security=\"restricted\" src=\"https:\/\/turcon.es\/wp\/releyendo-la-politica-pesquera\/embed\/#?secret=ZhzvLmfKQG\" width=\"600\" height=\"338\" title=\"\u00abReleyendo la pol\u00edtica pesquera\u00bb \u2014 Colectivo Ecologista Turcon\" data-secret=\"ZhzvLmfKQG\" frameborder=\"0\" marginwidth=\"0\" marginheight=\"0\" scrolling=\"no\" class=\"wp-embedded-content\"><\/iframe><script>\n\/*! This file is auto-generated *\/\n!function(d,l){\"use strict\";l.querySelector&&d.addEventListener&&\"undefined\"!=typeof URL&&(d.wp=d.wp||{},d.wp.receiveEmbedMessage||(d.wp.receiveEmbedMessage=function(e){var t=e.data;if((t||t.secret||t.message||t.value)&&!\/[^a-zA-Z0-9]\/.test(t.secret)){for(var s,r,n,a=l.querySelectorAll('iframe[data-secret=\"'+t.secret+'\"]'),o=l.querySelectorAll('blockquote[data-secret=\"'+t.secret+'\"]'),c=new RegExp(\"^https?:$\",\"i\"),i=0;i<o.length;i++)o[i].style.display=\"none\";for(i=0;i<a.length;i++)s=a[i],e.source===s.contentWindow&&(s.removeAttribute(\"style\"),\"height\"===t.message?(1e3<(r=parseInt(t.value,10))?r=1e3:~~r<200&&(r=200),s.height=r):\"link\"===t.message&&(r=new URL(s.getAttribute(\"src\")),n=new URL(t.value),c.test(n.protocol))&&n.host===r.host&&l.activeElement===s&&(d.top.location.href=t.value))}},d.addEventListener(\"message\",d.wp.receiveEmbedMessage,!1),l.addEventListener(\"DOMContentLoaded\",function(){for(var e,t,s=l.querySelectorAll(\"iframe.wp-embedded-content\"),r=0;r<s.length;r++)(t=(e=s[r]).getAttribute(\"data-secret\"))||(t=Math.random().toString(36).substring(2,12),e.src+=\"#?secret=\"+t,e.setAttribute(\"data-secret\",t)),e.contentWindow.postMessage({message:\"ready\",secret:t},\"*\")},!1)))}(window,document);\n\/\/# sourceURL=https:\/\/turcon.es\/wp\/wp-includes\/js\/wp-embed.min.js\n<\/script>\n","description":"Texto y foto: www.alianzasoberanialimentaria.org \u00bfPara qui\u00e9n hacemos pol\u00edtica pesquera? La respuesta intuitiva para cualquier pol\u00edtico en las \u00faltimas d\u00e9cadas ha sido evidente, para los pescadores, y para asegurar a los ciudadanos que tengan acceso f\u00e1cil al pescado. La pr\u00e1ctica en las \u00faltimas d\u00e9cadas nos muestra que, en muchas ocasiones, la respuesta hubiera sido un poco m\u00e1s ajustada si hubi\u00e9ramos dicho que la pol\u00edtica pesquera se ha realizado ante todo para tratar de satisfacer a la gran industria pesquera,","thumbnail_url":"http:\/\/www.alianzasoberanialimentaria.org\/photos\/notice_4cece9018b340-boat_ships_ship_247125_tn.jpg"}