{"version":"1.0","provider_name":"Colectivo Ecologista Turcon","provider_url":"https:\/\/turcon.es\/wp","author_name":"Laura Fernandez","author_url":"https:\/\/turcon.es\/wp\/author\/admturcon\/","title":"Turc\u00f3n considera intolerable las presiones en Tirajana. - Colectivo Ecologista Turcon","type":"rich","width":600,"height":338,"html":"<blockquote class=\"wp-embedded-content\" data-secret=\"2Da3XRnF6P\"><a href=\"https:\/\/turcon.es\/wp\/turcon-considera-intolerable-las-presiones-en-tirajana\/\">Turc\u00f3n considera intolerable las presiones en Tirajana.<\/a><\/blockquote><iframe sandbox=\"allow-scripts\" security=\"restricted\" src=\"https:\/\/turcon.es\/wp\/turcon-considera-intolerable-las-presiones-en-tirajana\/embed\/#?secret=2Da3XRnF6P\" width=\"600\" height=\"338\" title=\"\u00abTurc\u00f3n considera intolerable las presiones en Tirajana.\u00bb \u2014 Colectivo Ecologista Turcon\" data-secret=\"2Da3XRnF6P\" frameborder=\"0\" marginwidth=\"0\" marginheight=\"0\" scrolling=\"no\" class=\"wp-embedded-content\"><\/iframe><script>\n\/*! This file is auto-generated *\/\n!function(d,l){\"use strict\";l.querySelector&&d.addEventListener&&\"undefined\"!=typeof URL&&(d.wp=d.wp||{},d.wp.receiveEmbedMessage||(d.wp.receiveEmbedMessage=function(e){var t=e.data;if((t||t.secret||t.message||t.value)&&!\/[^a-zA-Z0-9]\/.test(t.secret)){for(var s,r,n,a=l.querySelectorAll('iframe[data-secret=\"'+t.secret+'\"]'),o=l.querySelectorAll('blockquote[data-secret=\"'+t.secret+'\"]'),c=new RegExp(\"^https?:$\",\"i\"),i=0;i<o.length;i++)o[i].style.display=\"none\";for(i=0;i<a.length;i++)s=a[i],e.source===s.contentWindow&&(s.removeAttribute(\"style\"),\"height\"===t.message?(1e3<(r=parseInt(t.value,10))?r=1e3:~~r<200&&(r=200),s.height=r):\"link\"===t.message&&(r=new URL(s.getAttribute(\"src\")),n=new URL(t.value),c.test(n.protocol))&&n.host===r.host&&l.activeElement===s&&(d.top.location.href=t.value))}},d.addEventListener(\"message\",d.wp.receiveEmbedMessage,!1),l.addEventListener(\"DOMContentLoaded\",function(){for(var e,t,s=l.querySelectorAll(\"iframe.wp-embedded-content\"),r=0;r<s.length;r++)(t=(e=s[r]).getAttribute(\"data-secret\"))||(t=Math.random().toString(36).substring(2,12),e.src+=\"#?secret=\"+t,e.setAttribute(\"data-secret\",t)),e.contentWindow.postMessage({message:\"ready\",secret:t},\"*\")},!1)))}(window,document);\n\/\/# sourceURL=https:\/\/turcon.es\/wp\/wp-includes\/js\/wp-embed.min.js\n<\/script>\n","description":"La familia Kiessling est\u00e1 desesperada y eso le lleva a presiones a t\u00e9cnicos y pol\u00edticos para sacar adelante sus proyectos tur\u00edsticos en Canarias. Conocemos el \u00abmodus operandi\u00bb. No obstante, sortear los procedimientos, socavar la voluntad, presionar para tratos de favor, eso tiene los d\u00edas contados.\u00a0 Turc\u00f3n tiene recurrido todos los procedimientos relativos al proyecto de [&hellip;]","thumbnail_url":"https:\/\/turcon.es\/wp\/wp-content\/uploads\/2008\/12\/logoturcon-2.gif","thumbnail_width":160,"thumbnail_height":57}