{"version":"1.0","provider_name":"Colectivo Ecologista Turcon","provider_url":"https:\/\/turcon.es\/wp","author_name":"Laura Fernandez","author_url":"https:\/\/turcon.es\/wp\/author\/admturcon\/","title":"Veinticinco aniversario de la cat\u00e1strofe de Chern\u00f3bil - Colectivo Ecologista Turcon","type":"rich","width":600,"height":338,"html":"<blockquote class=\"wp-embedded-content\" data-secret=\"HnIR8Ooe1u\"><a href=\"https:\/\/turcon.es\/wp\/veinticinco-aniversario-de-la-catastrofe-de-chernobil\/\">Veinticinco aniversario de la cat\u00e1strofe de Chern\u00f3bil<\/a><\/blockquote><iframe sandbox=\"allow-scripts\" security=\"restricted\" src=\"https:\/\/turcon.es\/wp\/veinticinco-aniversario-de-la-catastrofe-de-chernobil\/embed\/#?secret=HnIR8Ooe1u\" width=\"600\" height=\"338\" title=\"\u00abVeinticinco aniversario de la cat\u00e1strofe de Chern\u00f3bil\u00bb \u2014 Colectivo Ecologista Turcon\" data-secret=\"HnIR8Ooe1u\" frameborder=\"0\" marginwidth=\"0\" marginheight=\"0\" scrolling=\"no\" class=\"wp-embedded-content\"><\/iframe><script>\n\/*! This file is auto-generated *\/\n!function(d,l){\"use strict\";l.querySelector&&d.addEventListener&&\"undefined\"!=typeof URL&&(d.wp=d.wp||{},d.wp.receiveEmbedMessage||(d.wp.receiveEmbedMessage=function(e){var t=e.data;if((t||t.secret||t.message||t.value)&&!\/[^a-zA-Z0-9]\/.test(t.secret)){for(var s,r,n,a=l.querySelectorAll('iframe[data-secret=\"'+t.secret+'\"]'),o=l.querySelectorAll('blockquote[data-secret=\"'+t.secret+'\"]'),c=new RegExp(\"^https?:$\",\"i\"),i=0;i<o.length;i++)o[i].style.display=\"none\";for(i=0;i<a.length;i++)s=a[i],e.source===s.contentWindow&&(s.removeAttribute(\"style\"),\"height\"===t.message?(1e3<(r=parseInt(t.value,10))?r=1e3:~~r<200&&(r=200),s.height=r):\"link\"===t.message&&(r=new URL(s.getAttribute(\"src\")),n=new URL(t.value),c.test(n.protocol))&&n.host===r.host&&l.activeElement===s&&(d.top.location.href=t.value))}},d.addEventListener(\"message\",d.wp.receiveEmbedMessage,!1),l.addEventListener(\"DOMContentLoaded\",function(){for(var e,t,s=l.querySelectorAll(\"iframe.wp-embedded-content\"),r=0;r<s.length;r++)(t=(e=s[r]).getAttribute(\"data-secret\"))||(t=Math.random().toString(36).substring(2,12),e.src+=\"#?secret=\"+t,e.setAttribute(\"data-secret\",t)),e.contentWindow.postMessage({message:\"ready\",secret:t},\"*\")},!1)))}(window,document);\n\/\/# sourceURL=https:\/\/turcon.es\/wp\/wp-includes\/js\/wp-embed.min.js\n<\/script>\n","description":"Campa\u00f1a internacional de conmemoraci\u00f3n del 25 aniversario del accidente nuclear de Chern\u00f3bil Ecologistas en Acci\u00f3n participar\u00e1 en la campa\u00f1a internacional de conmemoraci\u00f3n del 25 aniversario del accidente nuclear de Chern\u00f3bil (Ucrania, 1986), a la que se han sumado hasta el momento m\u00e1s de un centenar de organizaciones de todo el mundo. El pr\u00f3ximo 26 de [&hellip;]","thumbnail_url":"http:\/\/ecologistasenaccion.org\/local\/cache-vignettes\/L150xH129\/arton2525-fe86c.jpg"}